{"id":357763,"date":"2024-12-04T15:38:14","date_gmt":"2024-12-04T14:38:14","guid":{"rendered":"https:\/\/butik.skruv.nu\/?post_type=product&#038;p=357763"},"modified":"2026-04-17T16:46:31","modified_gmt":"2026-04-17T15:46:31","slug":"tonernas-varld-studiecirkel-2024","status":"publish","type":"product","link":"https:\/\/butik.skruv.nu\/be\/product\/tonernas-varld-studiecirkel-2024\/","title":{"rendered":"Tonernas v\u00e4rld, studiecirkel i Malm\u00f6 2025"},"content":{"rendered":"<p>I Tonernas v\u00e4rld, Skruvs studiecirkel i musik, tar vi en n\u00e4rmare titt p\u00e5 de melodier, stilar och traditioner som pr\u00e4glar fr\u00e4mst Sverige, Ryssland, Ukraina, Belarus, men \u00e4ven andra delar av v\u00e4rlden. Fullst\u00e4ndig beskrivning, villkor f\u00f6r anm\u00e4lan och avanm\u00e4lan m.m. finns p\u00e5 <a href=\"https:\/\/skruv.nu\/aktiviteter\/tonernas-varld-1-gemensamma-melodier\/\">den h\u00e4r sidan<\/a>.<\/p>\n","protected":false},"excerpt":{"rendered":"<p>I Tonernas v\u00e4rld, Skruvs studiecirkel i musik, tar vi en n\u00e4rmare titt p\u00e5 de melodier, stilar och traditioner som pr\u00e4glar fr\u00e4mst Sverige, Ryssland, Ukraina, Belarus, men \u00e4ven andra delar av v\u00e4rlden. Fullst\u00e4ndig beskrivning, villkor f\u00f6r anm\u00e4lan och avanm\u00e4lan m.m. finns p\u00e5 den h\u00e4r sidan.<\/p>\n","protected":false},"featured_media":357766,"comment_status":"closed","ping_status":"closed","template":"","meta":{"_seopress_robots_primary_cat":"none","_seopress_titles_title":"","_seopress_titles_desc":"","_seopress_robots_index":"","_kad_post_transparent":"default","_kad_post_title":"","_kad_post_layout":"default","_kad_post_sidebar_id":"","_kad_post_content_style":"default","_kad_post_vertical_padding":"default","_kad_post_feature":"","_kad_post_feature_position":"","_kad_post_header":false,"_kad_post_footer":false,"_kad_post_classname":""},"product_brand":[],"product_cat":[58],"product_tag":[],"class_list":{"0":"post-357763","1":"product","2":"type-product","3":"status-publish","4":"has-post-thumbnail","6":"product_cat-evenemang","8":"first","9":"outofstock","10":"virtual","11":"purchasable","12":"product-type-simple","13":"entry","14":"content-bg","15":"loop-entry"},"_links":{"self":[{"href":"https:\/\/butik.skruv.nu\/be\/wp-json\/wp\/v2\/product\/357763","targetHints":{"allow":["GET"]}}],"collection":[{"href":"https:\/\/butik.skruv.nu\/be\/wp-json\/wp\/v2\/product"}],"about":[{"href":"https:\/\/butik.skruv.nu\/be\/wp-json\/wp\/v2\/types\/product"}],"replies":[{"embeddable":true,"href":"https:\/\/butik.skruv.nu\/be\/wp-json\/wp\/v2\/comments?post=357763"}],"wp:featuredmedia":[{"embeddable":true,"href":"https:\/\/butik.skruv.nu\/be\/wp-json\/wp\/v2\/media\/357766"}],"wp:attachment":[{"href":"https:\/\/butik.skruv.nu\/be\/wp-json\/wp\/v2\/media?parent=357763"}],"wp:term":[{"taxonomy":"product_brand","embeddable":true,"href":"https:\/\/butik.skruv.nu\/be\/wp-json\/wp\/v2\/product_brand?post=357763"},{"taxonomy":"product_cat","embeddable":true,"href":"https:\/\/butik.skruv.nu\/be\/wp-json\/wp\/v2\/product_cat?post=357763"},{"taxonomy":"product_tag","embeddable":true,"href":"https:\/\/butik.skruv.nu\/be\/wp-json\/wp\/v2\/product_tag?post=357763"}],"curies":[{"name":"wp","href":"https:\/\/api.w.org\/{rel}","templated":true}]}}